{"id":2,"date":"2021-04-26T10:40:28","date_gmt":"2021-04-26T08:40:28","guid":{"rendered":"http:\/\/datenschutz.reiserschmidt.php7.entwicklung.jungepartner.de\/?page_id=2"},"modified":"2025-07-21T15:17:49","modified_gmt":"2025-07-21T13:17:49","slug":"startseite","status":"publish","type":"page","link":"https:\/\/reiserschmidt.de\/externer-datenschutzbeauftragter-witten\/","title":{"rendered":"Startseite"},"content":{"rendered":"<div class=\"wpb-content-wrapper\"><p>[vc_row css=\u201c.vc_custom_1730970789949{background-position: center !important;background-repeat: no-repeat !important;background-size: cover !important;}\u201c][vc_column]\n\t\t\t<!-- START Video REVOLUTION SLIDER 6.7.39 --><p class=\"rs-p-wp-fix\"><\/p>\n\t\t\t<rs-module-wrap id=\"rev_slider_2_1_wrapper\" data-source=\"gallery\" style=\"visibility:hidden;background:transparent;padding:0;margin:0px auto;margin-top:0;margin-bottom:0;\">\n\t\t\t\t<rs-module id=\"rev_slider_2_1\" style=\"\" data-version=\"6.7.39\">\n\t\t\t\t\t<rs-slides style=\"overflow: hidden; position: absolute;\">\n\t\t\t\t\t\t<rs-slide style=\"position: absolute;\" data-key=\"rs-3\" data-title=\"Slide\" data-anim=\"adpr:false;\" data-in=\"o:0;\" data-out=\"a:false;\" data-sloop=\"s:0;e:24000;\">\n\t\t\t\t\t\t\t<img decoding=\"async\" src=\"\/\/reiserschmidt.de\/externer-datenschutzbeauftragter-witten\/wp-content\/plugins\/revslider\/sr6\/assets\/assets\/dummy.png\" alt=\"\" title=\"Startseite\" class=\"rev-slidebg tp-rs-img rs-lazyload\" data-lazyload=\"\/\/reiserschmidt.de\/externer-datenschutzbeauftragter-witten\/wp-content\/plugins\/revslider\/sr6\/assets\/assets\/transparent.png\" data-no-retina>\n\t\t\t\t\t\t\t<rs-bgvideo \n\t\t\t\t\t\t\t\tdata-video=\"w:100%;h:100%;nse:false;l:true;ptimer:false;vfc:true;\"\n\t\t\t\t\t\t\t\tdata-mp4=\"\/\/reiserschmidt.de\/wp-content\/uploads\/rs-video.mp4\"\n\t\t\t\t\t\t\t><\/rs-bgvideo>\n<!--\n\t\t\t\t\t\t\t--><rs-layer\n\t\t\t\t\t\t\t\tid=\"slider-2-slide-3-layer-0\" \n\t\t\t\t\t\t\t\tdata-type=\"text\"\n\t\t\t\t\t\t\t\tdata-tsh=\"c:#000000;h:1px;v:1px;b:5px,5px,5px,1px;\"\n\t\t\t\t\t\t\t\tdata-rsp_ch=\"on\"\n\t\t\t\t\t\t\t\tdata-xy=\"xo:30px;yo:400px,400px,400px,350px;\"\n\t\t\t\t\t\t\t\tdata-text=\"w:normal;s:54,54,54,28;l:58,58,58,32;\"\n\t\t\t\t\t\t\t\tdata-dim=\"w:90%;\"\n\t\t\t\t\t\t\t\tdata-frame_1=\"st:2010;sp:810;sR:2010;\"\n\t\t\t\t\t\t\t\tdata-frame_999=\"o:0;st:7090;sp:800;sR:4270;\"\n\t\t\t\t\t\t\t\tstyle=\"z-index:10;font-family:'Times New Roman', 'Times', 'serif';font-style:italic;\"\n\t\t\t\t\t\t\t>Auch im Datenschutz<br \/> gilt f\u00fcr uns immer<br \/> \u201eSafety first\u201c. \n\t\t\t\t\t\t\t<\/rs-layer><!--\n\n\t\t\t\t\t\t\t--><rs-layer\n\t\t\t\t\t\t\t\tid=\"slider-2-slide-3-layer-1\" \n\t\t\t\t\t\t\t\tdata-type=\"text\"\n\t\t\t\t\t\t\t\tdata-tsh=\"c:#000000;h:1px;v:1px;b:5px,5px,5px,1px;\"\n\t\t\t\t\t\t\t\tdata-rsp_ch=\"on\"\n\t\t\t\t\t\t\t\tdata-xy=\"xo:30px;yo:400px,400px,400px,350px;\"\n\t\t\t\t\t\t\t\tdata-text=\"w:normal;s:54,54,54,28;l:58,58,58,32;\"\n\t\t\t\t\t\t\t\tdata-dim=\"w:90%;\"\n\t\t\t\t\t\t\t\tdata-frame_1=\"st:10000;sp:810;sR:10000;\"\n\t\t\t\t\t\t\t\tdata-frame_999=\"o:0;st:15190;sp:800;sR:4380;\"\n\t\t\t\t\t\t\t\tstyle=\"z-index:9;font-family:'Times New Roman', 'Times', 'serif';font-style:italic;\"\n\t\t\t\t\t\t\t>Sch\u00fctzen Sie Ihr Unternehmen und Ihre Daten \u2013 setzen Sie dabei auf einen starken Partner. \n\t\t\t\t\t\t\t<\/rs-layer><!--\n\n\t\t\t\t\t\t\t--><rs-layer\n\t\t\t\t\t\t\t\tid=\"slider-2-slide-3-layer-2\" \n\t\t\t\t\t\t\t\tdata-type=\"text\"\n\t\t\t\t\t\t\t\tdata-color=\"#980b2b\"\n\t\t\t\t\t\t\t\tdata-rsp_ch=\"on\"\n\t\t\t\t\t\t\t\tdata-xy=\"xo:30px;yo:210px,210px,210px,25px;\"\n\t\t\t\t\t\t\t\tdata-text=\"w:normal;s:54,54,54,28;l:58,58,58,32;\"\n\t\t\t\t\t\t\t\tdata-frame_1=\"st:18000;sp:810;sR:18000;\"\n\t\t\t\t\t\t\t\tdata-frame_999=\"o:0;st:23110;sp:800;sR:4300;\"\n\t\t\t\t\t\t\t\tstyle=\"z-index:7;font-family:'Times New Roman', 'Times', 'serif';font-style:italic;\"\n\t\t\t\t\t\t\t>Gemeinsam. <br \/> Herausforderungen<br \/> meistern.<br \/>\n \n\t\t\t\t\t\t\t<\/rs-layer><!--\n-->\t\t\t\t\t<\/rs-slide>\n\t\t\t\t\t<\/rs-slides>\n\t\t\t\t<\/rs-module>\n\t\t\t\t<script>\n\t\t\t\t\tsetREVStartSize({c: 'rev_slider_2_1',rl:[1240,1240,1240,480],el:[600,600,600,480],gw:[1240,1240,1240,480],gh:[600,600,600,480],type:'standard',justify:'',layout:'fullwidth',mh:\"0\"});if (window.RS_MODULES!==undefined && window.RS_MODULES.modules!==undefined && window.RS_MODULES.modules[\"revslider21\"]!==undefined) {window.RS_MODULES.modules[\"revslider21\"].once = false;window.revapi2 = undefined;if (window.RS_MODULES.checkMinimal!==undefined) window.RS_MODULES.checkMinimal()}\n\t\t\t\t<\/script>\n\t\t\t<\/rs-module-wrap>\n\t\t\t<!-- END REVOLUTION SLIDER -->\n[\/vc_column][\/vc_row][vc_row css=\u201c.vc_custom_1628839524264{padding-top: 50px !important;}\u201c][vc_column][vc_column_text el_class=\u201cdatenschutz-head\u201c]<\/p>\n<h1 class=\"caption\">Ihr externer Datenschutzbeauftragter in Witten und Umgebung \u2013 ReiserSchmidt<\/h1>\n<h2>Wir sind zudem in folgenden St\u00e4dten als Berater zum Thema Datenschutz \/ DSGVO und externer Datenschutzbeauftragter t\u00e4tig:<br \/>\nBochum, Dortmund, Duisburg, Gelsenkirchen, Hagen, Herne, Iserlohn, Oberhausen und Siegen.<br \/>\nSchreiben Sie uns einfach an, wir helfen Ihnen gerne weiter.<\/h2>\n<p>[\/vc_column_text][vc_empty_space][\/vc_column][\/vc_row][vc_row][vc_column width=\u201c1\/2\u2033][vc_column_text css=\u201c\u201c]<strong>Nutzen Sie unsere DEKRA-zertifizierte Kompetenz als externer Datenschutzbeauftragter. Sprechen Sie uns an, wir helfen Ihnen gerne weiter.<\/strong><\/p>\n<p>Die Erfahrung eines erfahrenen Bergf\u00fchrers zu nutzen ist f\u00fcr Kletterer zwar grunds\u00e4tzlich keine Pflicht, aber in unbekanntem Terrain oder auf schwieriger Wegstrecke sehr zu empfehlen.<\/p>\n<p><strong>Oder haben Sie schon mal geh\u00f6rt, dass jemand nach einem Online-Workshop den Mount Everest bestiegen hat?<\/strong>[\/vc_column_text][\/vc_column][vc_column width=\u201c1\/2\u2033][vc_column_text]<\/p>\n<ul>\n<li><span class=\"s2\">Wir legen Wert auf eine pers\u00f6nliche Beratung und Unterst\u00fctzung durch einen festen Ansprechpartner f\u00fcr Ihr Unternehmen.<\/span><\/li>\n<li class=\"p1\"><span class=\"s2\">Wir verstehen Datenschutz als Prozess und m\u00f6chten gerne diese schwierige Wegstrecke gemeinsam mit Ihnen gehen.<\/span><\/li>\n<li class=\"p1\"><span class=\"s2\">Datenschutz soll Ihr Unternehmen nicht ausbremsen, sondern zukunftsf\u00e4hig machen. Wir r\u00fccken Sie und Ihr Unternehmen in den Mittelpunkt und f\u00fchren Sie Schritt-f\u00fcr-Schritt zur datenschutzkonformen Umsetzung Ihrer Unternehmensprozesse.\u00a0<\/span><\/li>\n<\/ul>\n<p>[\/vc_column_text][\/vc_column][\/vc_row][vc_row full_width=\u201cstretch_row\u201c css=\u201c.vc_custom_1628866010584{background-color: #f8f8f8 !important;}\u201c][vc_column width=\u201c1\/3\u2033][\/vc_column][vc_column width=\u201c1\/3\u2033][vc_empty_space height=\u201c20px\u201c][vc_btn title=\u201cKontakt aufnehmen\u201c style=\u201ccustom\u201c custom_background=\u201c#980b2b\u201c custom_text=\u201c#ffffff\u201c align=\u201ccenter\u201c i_icon_fontawesome=\u201cfar fa-envelope\u201c button_block=\u201ctrue\u201c add_icon=\u201ctrue\u201c link=\u201curl:%23kontakt|title:Kontakt%20aufnehmen||\u201c][vc_btn title=\u201c02302 \/ 93 000 0\u2033 style=\u201ccustom\u201c custom_background=\u201c#980b2b\u201c custom_text=\u201c#ffffff\u201c align=\u201ccenter\u201c i_icon_fontawesome=\u201cfas fa-phone-alt\u201c button_block=\u201ctrue\u201c add_icon=\u201ctrue\u201c link=\u201curl:tel%3A%2B492302930000|title:02302%20%2F%2093%20000%200||rel:nofollow\u201c][\/vc_column][vc_column width=\u201c1\/3\u2033][\/vc_column][\/vc_row][vc_row el_class=\u201cheadline\u201c][vc_column][vc_column_text]<\/p>\n<h2 class=\"p1\">Ablauf unserer Datenschutzberatung<\/h2>\n<p>[\/vc_column_text][\/vc_column][\/vc_row][vc_row full_width=\u201cstretch_row_content_no_spaces\u201c css=\u201c.vc_custom_1622539665979{margin-bottom: 0px !important;border-bottom-width: 0px !important;padding-bottom: 0px !important;}\u201c el_class=\u201cseven-summits\u201c][vc_column][vc_single_image image=\u201c136\u2033 img_size=\u201cfull\u201c css=\u201c.vc_custom_1622539707412{margin-bottom: 0px !important;border-bottom-width: 0px !important;padding-bottom: 0px !important;}\u201c][\/vc_column][\/vc_row][vc_row full_width=\u201cstretch_row\u201c css=\u201c.vc_custom_1622539568546{background-color: #980b2b !important;}\u201c el_class=\u201cseven-summits\u201c][vc_column width=\u201c1\/2\u2033][vc_column_text]Wir lernen Sie und Ihr Unternehmen bei der Bestandsaufnahme bei Ihnen vor Ort pers\u00f6nlich kennen. Datenschutz ist ein dynamischer Prozess und auf diesem Weg m\u00f6chten wir Sie begleiten.[\/vc_column_text][\/vc_column][vc_column width=\u201c1\/2\u2033][vc_column_text]Ein funktionierender Datenschutz baut Vertrauen auf, schafft einen Wettbewerbsvorteil und reduziert das Haftungsrisiko. Datenschutz ist mehr als reine Pflichterf\u00fcllung \u2013 profitieren auch Sie.[\/vc_column_text][\/vc_column][\/vc_row][vc_row el_class=\u201cheadline\u201c][vc_column][vc_column_text]<\/p>\n<h2 class=\"p1\">Warum ist Datenschutz so wichtig?<\/h2>\n<p>Zun\u00e4chst einmal ist die Umsetzung des Datenschutzes gesetzlich vorgeschrieben. Aber auch Kunden, Gesch\u00e4ftspartner und Mitarbeiter erwarten, dass ihre Daten bei Ihnen sicher sind und gesetzeskonform verarbeitet werden. Das Bekanntwerden von Datenschutzverletzungen ist f\u00fcr Unternehmen h\u00e4ufig mit Imageverlusten verbunden. Ein funktionierender Datenschutz erspart Ihnen eine Menge \u00c4rger, Zeit und Geld.[\/vc_column_text][\/vc_column][\/vc_row][vc_row][vc_column width=\u201c1\/2\u2033][vc_single_image image=\u201c195\u2033 img_size=\u201cmedium\u201c alignment=\u201ccenter\u201c][vc_column_text css=\u201c\u201c]<\/p>\n<h2 style=\"text-align: center;\">Cyberangriffe<\/h2>\n<h3 class=\"h3klein\">Nehmen Sie Datenschutz w\u00f6rtlich und sch\u00fctzen Sie Ihre Daten!<\/h3>\n<p>Ein Cyberangriff kann weitreichende Folgen f\u00fcr Ihr Unternehmen haben. Setzen Sie fr\u00fchzeitig auf die Schulung Ihrer Mitarbeiter, Cyber-Security-Awareness-Ma\u00dfnahmen (z. B. Phishing-Simulationen) und investieren Sie in die IT-Sicherheit Ihres Unternehmens, denn Daten sind Ihr Kapital. Und wenn es doch passiert? Greifen Sie auf Ihren Notfallplan zur\u00fcck. Dieser enth\u00e4lt alle empfohlenen Handlungsschritte. Ihr Datenschutzbeauftragter wird Sie bei der Umsetzung etwaiger Meldepflichten unterst\u00fctzen.[\/vc_column_text][\/vc_column][vc_column width=\u201c1\/2\u2033][vc_single_image image=\u201c196\u2033 img_size=\u201cmedium\u201c alignment=\u201ccenter\u201c][vc_column_text css=\u201c\u201c]<\/p>\n<h2 style=\"text-align: center;\">Bu\u00dfgelder<\/h2>\n<h3 class=\"h3klein\">Minimieren Sie Risiken!<\/h3>\n<p>Die Anzahl von Beschwerden und Kontrollanregungen bei Aufsichtsbeh\u00f6rden steigt rasant. Besonders (ehemalige) Mitarbeiter und unzufriedene Kunden k\u00f6nnen bei der Aufdeckung von Bu\u00dfgeldtatbest\u00e4nden eine Schl\u00fcsselfigur spielen und stellen somit ein nicht zu untersch\u00e4tzender Risikofaktor dar. Setzen Sie auf eine kompetente Beratung und sorgen Sie daf\u00fcr, dass wir datenschutzrechtliche Schwachstellen aufdecken, bevor es jemand anderes tut.[\/vc_column_text][\/vc_column][\/vc_row][vc_row full_width=\u201cstretch_row\u201c css=\u201c.vc_custom_1620222918796{margin-top: 50px !important;padding-top: 50px !important;background-color: #f8f8f8 !important;}\u201c][vc_column][vc_column_text]<\/p>\n<h2>W\u00e4hlen Sie Ihr Datenschutzpaket<\/h2>\n<p>[\/vc_column_text][\/vc_column][\/vc_row][vc_row full_width=\u201cstretch_row\u201c el_class=\u201cds-preisbox\u201c css=\u201c.vc_custom_1620220539307{background-color: #f8f8f8 !important;}\u201c][vc_column width=\u201c1\/3\u2033]<div class='dt-sc-icon-box type7 aligncenter paket-small'><div class=\"icon-wrapper\"><img loading=\"lazy\" decoding=\"async\" width=\"800\" height=\"800\" src=\"https:\/\/reiserschmidt.de\/externer-datenschutzbeauftragter-witten\/wp-content\/uploads\/sites\/2\/2021\/05\/s.svg\" class=\"attachment-full\" alt=\"S\" title=\"s\" \/><\/div><div class=\"icon-content\"><p><h3 class=\"h3klein\">Small<\/h3>\n<p style=\"text-align: left;\">Das Paket \u201eSmall\u201c bildet eine gute Grundlage f\u00fcr den Datenschutz in Ihrem Unternehmen. Wir analysieren Ihre Situation und erstellen ein passendes Datenschutzkonzept.<\/p><\/p><\/div><\/div>[\/vc_column][vc_column width=\u201c1\/3\u2033]<div class='dt-sc-icon-box type7 aligncenter paket-medium'><div class=\"icon-wrapper\"><img loading=\"lazy\" decoding=\"async\" width=\"800\" height=\"800\" src=\"https:\/\/reiserschmidt.de\/externer-datenschutzbeauftragter-witten\/wp-content\/uploads\/sites\/2\/2021\/05\/m.svg\" class=\"attachment-full\" alt=\"M\" title=\"m\" \/><\/div><div class=\"icon-content\"><p><h3 class=\"h3klein\">Medium<\/h3>\n<p style=\"text-align: left;\">Das Paket \u201eMedium\u201c bietet Ihnen dar\u00fcber hinaus noch j\u00e4hrliche Leistungen, sowie ReiserSchmidt als externen Datenschutzbeauftragten.<\/p><\/p><\/div><\/div>[\/vc_column][vc_column width=\u201c1\/3\u2033]<div class='dt-sc-icon-box type7 aligncenter paket-premium'><div class=\"icon-wrapper\"><img loading=\"lazy\" decoding=\"async\" width=\"800\" height=\"800\" src=\"https:\/\/reiserschmidt.de\/externer-datenschutzbeauftragter-witten\/wp-content\/uploads\/sites\/2\/2021\/05\/p.svg\" class=\"attachment-full\" alt=\"P\" title=\"p\" \/><\/div><div class=\"icon-content\"><p><h3 class=\"h3klein\">Premium<\/h3>\n<p style=\"text-align: left;\">F\u00fcr den umfassenden Datenschutz in Ihrem Unternehmen \u2013 exklusiv in diesem Paket erhalten Sie die ReiserSchmidt Phishing Simulation.<\/p><\/p><\/div><\/div>[\/vc_column][\/vc_row][vc_row full_width=\u201cstretch_row\u201c el_class=\u201cds-infobox\u201c css=\u201c.vc_custom_1620219745593{background-color: #f8f8f8 !important;}\u201c][vc_column width=\u201c1\/2\u2033][vc_tta_accordion section_title_tag=\u201ch3\u2033 style=\u201cflat\u201c shape=\u201csquare\u201c active_section=\u201c0\u2033 collapsible_all=\u201ctrue\u201c el_class=\u201cds-akkordeon\u201c][vc_tta_section title=\u201cAuftragsverarbeitung\u201c tab_id=\u201cauftragsverarbeitung\u201c][vc_column_text]Einen sog. Vertrag \u00fcber die Verarbeitung von Daten im Auftrag (sog. AV-Vertrag) muss nach der DSGVO jedes Unternehmen abschlie\u00dfen, das personenbezogene Daten im Auftrag verarbeiten l\u00e4sst. Wir unterst\u00fctzen Sie bei der Identifizierung von Auftragsverarbeitern und ggf. bei Vertragsverhandlungen mit externen Dienstleistern. Bei Bedarf unterbreiten wir Ihnen Formulierungs- und Verbesserungsvorschl\u00e4ge.[\/vc_column_text][\/vc_tta_section][vc_tta_section title=\u201cAudit\u201c tab_id=\u201caudit\u201c][vc_column_text]<\/p>\n<div id=\"comp-kkqxp0uj3\" class=\"_2bafp\" data-testid=\"richTextElement\">\n<p class=\"font_9\">Wir besuchen Sie j\u00e4hrlich mindestens einmal vor Ort und f\u00fchren ein Datenschutz-Audit durch. Wir \u00fcberpr\u00fcfen die Aktualit\u00e4t Ihrer Datenschutzdokumente und \u00fcberwachen die Umsetzung der von uns vorgeschlagenen Ma\u00dfnahmen. Anschlie\u00dfend erhalten Sie einen ausf\u00fchrlichen Audit-Bericht und ggf. aktualisierte Datenschutzdokumente.<\/p>\n<\/div>\n<p>[\/vc_column_text][\/vc_tta_section][vc_tta_section title=\u201cBestandsaufnahme\u201c tab_id=\u201cbestandsaufnahme\u201c][vc_column_text]<\/p>\n<div id=\"comp-kkqxp0uj3\" class=\"_2bafp\" data-testid=\"richTextElement\">\n<p class=\"font_9\">Das erste Datenschutz-Audit bei Ihnen vor Ort dient zur Bestandsaufnahme. Wir lernen uns in einem ausf\u00fchrliche, pers\u00f6nlichen Gespr\u00e4ch kennen und ermitteln den Status-Quo in Sachen Datenschutz in Ihrem Unternehmen.<\/p>\n<\/div>\n<p>[\/vc_column_text][\/vc_tta_section][vc_tta_section title=\u201cBetreuung\u201c tab_id=\u201cbetreuung\u201c][vc_column_text]<\/p>\n<div id=\"comp-kkqxp0uj3\" class=\"_2bafp\" data-testid=\"richTextElement\">\n<p class=\"font_9\">Wir lassen Sie nicht allein. Ihr pers\u00f6nlicher Ansprechpartner und unser gesamtes Datenschutz-Team stehen Ihnen bei laufenden datenschutzrechtlichen Fragen jederzeit zur Verf\u00fcgung.<\/p>\n<\/div>\n<p>[\/vc_column_text][\/vc_tta_section][vc_tta_section title=\u201cExterner Datenschutzbeauftragter\u201c tab_id=\u201cdatenschutzbeauftragter\u201c][vc_column_text]<\/p>\n<div id=\"comp-kkqxp0uj3\" class=\"_2bafp\" data-testid=\"richTextElement\">\n<p class=\"font_9\">Um die\u00a0gesetzlichen Anforderungen zu erf\u00fcllen, melden Sie uns als externen Datenschutzbeauftragten bei der f\u00fcr Ihr Unternehmen zust\u00e4ndigen Aufsichtsbeh\u00f6rde und wir stehen Ihnen mit umfangreichen Beratungsleistungen zur Verf\u00fcgung. Die Aufgaben des (externen) Datenschutzbeauftragten ergeben sich vor allem aus Art. 39 Abs. 1 DSGVO.<\/p>\n<\/div>\n<p>[\/vc_column_text][\/vc_tta_section][vc_tta_section title=\u201cDatenschutz-Folgeabsch\u00e4tzung\u201c tab_id=\u201cdatenschutz-folgeabschaetzung\u201c][vc_column_text]Die Datenschutz-Folgenabsch\u00e4tzung ist eine in bestimmten F\u00e4llen vorgeschriebene, strukturierte Risikoanalyse von Datenverarbeitungen. Bei Bedarf sind wir Ihnen bei der Erstellung einer Datenschutz-Folgenabsch\u00e4tzung behilflich.[\/vc_column_text][\/vc_tta_section][vc_tta_section title=\u201cDatenschutzkonzept\u201c tab_id=\u201cdatenschutzkonzept\u201c][vc_column_text]<\/p>\n<div id=\"comp-kkqxp0uj3\" class=\"_2bafp\" data-testid=\"richTextElement\">\n<p class=\"font_9\">Wir erstellen gemeinsam mit Ihnen einen Datenschutzkonzept f\u00fcr Ihr Unternehmen. Dieses Konzept enth\u00e4lt alle notwendigen Richtlinien und Verfahrensanweisungen zur Umsetzung des Datenschutzes in Ihrem Unternehmen.<\/p>\n<\/div>\n<p>[\/vc_column_text][\/vc_tta_section][vc_tta_section title=\u201cGrundlagen-Schulung\u201c tab_id=\u201cgrundlagen-schulung\u201c][vc_column_text]<\/p>\n<div id=\"comp-kkqxp0uj3\" class=\"_2bafp\" data-testid=\"richTextElement\">\n<p class=\"font_9\">Ihre Mitarbeiter sind regelm\u00e4\u00dfig zum Thema Datenschutz zu schulen und zu sensibilisieren. Sie erhalten von uns eine Grundlagen-Schulung zum Thema Datenschutz. Unsere Schulungen bieten wir als Pr\u00e4senz-Schulung bei Ihnen vor Ort oder als Online-Schulung via Videokonferenz an. Bei organisatorischen Schwierigkeiten k\u00f6nnen wir Ihnen unsere Schulung auch als Video zur Verf\u00fcgung stellen.<\/p>\n<\/div>\n<p>[\/vc_column_text][\/vc_tta_section][\/vc_tta_accordion][\/vc_column][vc_column width=\u201c1\/2\u2033][vc_tta_accordion section_title_tag=\u201ch3\u2033 style=\u201cflat\u201c shape=\u201csquare\u201c active_section=\u201c0\u2033 collapsible_all=\u201ctrue\u201c el_class=\u201cds-akkordeon\u201c][vc_tta_section title=\u201cFormularwesen\u201c tab_id=\u201cformularwesen\u201c][vc_column_text]<\/p>\n<div id=\"comp-kkqxp0uj3\" class=\"_2bafp\" data-testid=\"richTextElement\">\n<p class=\"font_9\">Wir implementieren in Abstimmung mit Ihnen ein Formularwesen, die Sie in Ihrem Arbeitsalltag ben\u00f6tigen.<\/p>\n<\/div>\n<p>[\/vc_column_text][\/vc_tta_section][vc_tta_section title=\u201cKommunikation\u201c tab_id=\u201ckommunikation\u201c][vc_column_text]<\/p>\n<div id=\"comp-kkqxp0uj3\" class=\"_2bafp\" data-testid=\"richTextElement\">\n<p class=\"font_9\">Wir unterst\u00fctzen Sie bei der Kommunikation mit der Aufsichtsbeh\u00f6rde oder betroffenen Personen.<\/p>\n<\/div>\n<p>[\/vc_column_text][\/vc_tta_section][vc_tta_section title=\u201cM\u00e4ngelliste\u201c tab_id=\u201cmaengelliste\u201c][vc_column_text]<\/p>\n<div id=\"comp-kkqxp0uj3\" class=\"_2bafp\" data-testid=\"richTextElement\">\n<p class=\"font_9\">Sollten wir Abweichungen zwischen dem Datenschutzkonzept und Ihrer betrieblichen Praxis feststellen, finden Sie diese auf unserer M\u00e4ngelliste wieder. Bei der Umsetzung der von uns vorgeschlagenen Ma\u00dfnahmen stehen wir Ihnen beratend zur Seite.<\/p>\n<\/div>\n<p>[\/vc_column_text][\/vc_tta_section][vc_tta_section title=\u201cNewsletter\u201c tab_id=\u201cnewsletter\u201c][vc_column_text]<\/p>\n<div id=\"comp-kkqxp0uj3\" class=\"_2bafp\" data-testid=\"richTextElement\">\n<p class=\"font_9\">Wir informieren Sie regelm\u00e4\u00dfig \u00fcber die aktuelle Rechtsprechung und Gesetzes\u00e4nderungen.<\/p>\n<\/div>\n<p>[\/vc_column_text][\/vc_tta_section][vc_tta_section title=\u201cPhishing-Simulation\u201c tab_id=\u201cphishing-simulation\u201c][vc_column_text]<\/p>\n<div id=\"comp-kkqxp0uj3\" class=\"_2bafp\" data-testid=\"richTextElement\">\n<p class=\"font_9\">Mit unserer Phishing-Simulation trainieren Sie Ihre Mitarbeiterinnen und Mitarbeiter effektiv und nachhaltig zum Thema Phishing-Mails. Aktivieren Sie Ihre menschliche Firewall!<\/p>\n<\/div>\n<p>[\/vc_column_text][\/vc_tta_section][vc_tta_section title=\u201cTechnische und organisatorische Ma\u00dfnahmen\u201c tab_id=\u201ctechnische-und-organisatorische-massnahmen\u201c][vc_column_text]<\/p>\n<div id=\"comp-kkqxp0uj3\" class=\"_2bafp\" data-testid=\"richTextElement\">\n<p class=\"font_9\">Wir ermitteln und dokumentieren Ihre technischen und organisatorischen Ma\u00dfnahmen zur Umsetzung des Datenschutzes in Ihrem Unternehmen.<\/p>\n<\/div>\n<p>[\/vc_column_text][\/vc_tta_section][vc_tta_section title=\u201cUpdate-Schulungen\u201c tab_id=\u201cupdate-schulungen\u201c][vc_column_text]<\/p>\n<div id=\"comp-kkqxp0uj3\" class=\"_2bafp\" data-testid=\"richTextElement\">\n<p class=\"font_9\">Ihre Mitarbeiter sind regelm\u00e4\u00dfig zum Thema Datenschutz zu schulen und zu sensibilisieren. Wir \u00fcbernehmen diese Schulung f\u00fcr Sie. Unsere Schulungen bieten wir als Pr\u00e4senz-Schulung bei Ihnen vor Ort oder\u00a0als Online-Schulung via Videokonferenz an. Bei organisatorischen Schwierigkeiten k\u00f6nnen wir Ihnen unsere Schulungen auch als Video zur Verf\u00fcgung stellen.<\/p>\n<\/div>\n<p>[\/vc_column_text][\/vc_tta_section][vc_tta_section title=\u201cVerzeichnis der Verarbeitungst\u00e4tigkeiten\u201c tab_id=\u201cverzeichnis-der-verarbeitungstaetigkeiten\u201c][vc_column_text]<\/p>\n<div id=\"comp-kkqxp0uj3\" class=\"_2bafp\" data-testid=\"richTextElement\">\n<p class=\"font_9\">Wir unterst\u00fctzen Sie bei der Erstellung des nach Art. 30 DSGVO geforderte Verzeichnis der Verarbeitungst\u00e4tigkeiten. Diesbez\u00fcglich unterst\u00fctzen wir Sie ebenfalls im Hinblick auf das Auffinden von L\u00f6schfristen.<\/p>\n<\/div>\n<p>[\/vc_column_text][\/vc_tta_section][\/vc_tta_accordion][\/vc_column][\/vc_row][vc_row full_width=\u201cstretch_row\u201c el_class=\u201cheadline\u201c css=\u201c.vc_custom_1628866155633{background-color: #f8f8f8 !important;}\u201c][vc_column][vc_column_text]<\/p>\n<h2>Datenschutz ist mehr als reine Pflichterf\u00fcllung<\/h2>\n<p>[\/vc_column_text][\/vc_column][\/vc_row][vc_row full_width=\u201cstretch_row\u201c css=\u201c.vc_custom_1628866145537{background-color: #f8f8f8 !important;}\u201c][vc_column width=\u201c1\/2\u2033][vc_column_text]Die gesetzlichen Anforderungen an den Datenschutz sind hoch. Die Verpflichtungen nach dem Bundesdatenschutzgesetz und der europ\u00e4ischen Datenschutz-Grundverordnung bestehen f\u00fcr alle Unternehmen unabh\u00e4ngig von deren Mitarbeiterzahl u. a. darin, ein Datenschutzkonzept zu erstellen, ein Verzeichnis der Verarbeitungst\u00e4tigkeiten anzufertigen, Vertr\u00e4ge mit Auftragsverarbeitern zu schlie\u00dfen, Datenschutzschulungen durchf\u00fchren sowie hinreichende technische und organisatorische Ma\u00dfnahmen zur Datensicherheit zu etablieren.<\/p>\n<p>Diese umfangreichen Dokumentations- und Informationspflichten rauben Ihnen Zeit im Tagesgesch\u00e4ft.<\/p>\n<blockquote><p>Datenschutz ist jedoch mehr als reine Pflichterf\u00fcllung \u2013 profitieren auch Sie von einem funktionierendem Datenschutz-Management!<\/p><\/blockquote>\n<p>[\/vc_column_text][\/vc_column][vc_column width=\u201c1\/2\u2033][vc_column_text]Ein funktionierendes Datenschutz-Management bringt Ihnen und Ihrem Unternehmen folgende Vorteile:<\/p>\n<ul>\n<li>Sie minimieren aktiv das Risiko vor Datendiebstahl, Datenverlust, Cyber-Attacken, Beschwerden und Bu\u00dfgeld-Forderungen.<\/li>\n<li>Wir sind f\u00fcr Sie ein externer Datenschutzbeauftragter und pers\u00f6nlicher Ansprechpartner rund um das Thema Datenschutz. So bleibt mehr Zeit f\u00fcr Ihr Kerngesch\u00e4ft.<\/li>\n<li>Sie schaffen Vertrauen bei Ihren Besch\u00e4ftigten, Kunden und Gesch\u00e4ftspartnern.<\/li>\n<li>Sie richten Ihr Unternehmen schon heute auf die gesetzlichen Anforderungen von morgen aus.<\/li>\n<li>Sie sorgen mit schlanke Unternehmensprozessen f\u00fcr Zeit- und Kostenersparnissen und steigern die Produktivit\u00e4t Ihres Unternehmens.<\/li>\n<\/ul>\n<p>[\/vc_column_text][\/vc_column][\/vc_row][vc_row el_class=\u201cheadline\u201c][vc_column][vc_column_text]<\/p>\n<h2>H\u00e4ufig gestellte Fragen zum Datenschutz<\/h2>\n<p>[\/vc_column_text][\/vc_column][\/vc_row][vc_row][vc_column][vc_tta_accordion section_title_tag=\u201ch3\u2033 style=\u201cflat\u201c shape=\u201csquare\u201c active_section=\u201c0\u2033 collapsible_all=\u201ctrue\u201c el_class=\u201cds-akkordeon\u201c][vc_tta_section title=\u201cWann wird ein Datenschutzbeauftragter ben\u00f6tigt?\u201c tab_id=\u201cfaq-datenschutzbeauftragter\u201c][vc_column_text]Nach \u00a7\u00a038\u00a0BDSG besteht die Verpflichtung, einen Datenschutzbeauftragten zu benennen, wenn mindestens 20 Personen automatisiert personenbezogene Daten verarbeiten. Falls Sie sich nicht sicher sind, ob Sie f\u00fcr Ihr Unternehmen einen Datenschutzbeauftragten benennen m\u00fcssen, fragen Sie uns gern.[\/vc_column_text][\/vc_tta_section][vc_tta_section title=\u201cIch ben\u00f6tige keinen Datenschutzbeauftragten. Brauche ich trotzdem ein Datenschutzkonzept?\u201c tab_id=\u201cfaq-datenschutzkonzepot\u201c][vc_column_text]<\/p>\n<div id=\"comp-kkqxp0uj3\" class=\"_2bafp\" data-testid=\"richTextElement\">\n<p>Ja, denn die DSGVO gilt f\u00fcr alle Unternehmen, unabh\u00e4ngig von der Gr\u00f6\u00dfe oder Mitarbeiterzahl. Auch ohne Datenschutzbeauftragten m\u00fcssen Sie die gesetzlichen Anforderungen beachten und u. a. ein Datenschutzkonzept erstellen, ein Verzeichnis der Verarbeitungst\u00e4tigkeiten anfertigen, Vertr\u00e4ge mit Auftragsverarbeitern schlie\u00dfen, Datenschutzschulungen durchf\u00fchren und hinreichende technische und organisatorische Ma\u00dfnahmen etablieren.<\/p>\n<\/div>\n<p>[\/vc_column_text][\/vc_tta_section][vc_tta_section title=\u201cWelche Voraussetzungen muss der Datenschutzbeauftragte erf\u00fcllen?\u201c tab_id=\u201cfaq-vorraussetzungen\u201c][vc_column_text]<\/p>\n<div id=\"comp-kkqxp0uj3\" class=\"_2bafp\" data-testid=\"richTextElement\">\n<p>Der Datenschutzbeauftragte muss \u00fcber eine ausreichende berufliche Qualifikation und insbesondere Fachwissen auf dem Gebiet des Datenschutzrechts und der Datenschutzpraxis besitzen (Art.\u00a037\u00a0Abs.\u00a05\u00a0DSGVO). Au\u00dferdem muss er die F\u00e4higkeit mitbringen, die in Art. 39 DSGVO definierten Aufgaben zu erf\u00fcllen.<\/p>\n<\/div>\n<p>[\/vc_column_text][\/vc_tta_section][vc_tta_section title=\u201cWas sind die Vorteile eines externen Datenschutzbeauftragten?\u201c tab_id=\u201cfaq-vorteile\u201c][vc_column_text]<\/p>\n<div id=\"comp-kkqxp0uj3\" class=\"_2bafp\" data-testid=\"richTextElement\">\n<p>Grunds\u00e4tzlich kann ein Datenschutzbeauftragter sowohl intern in Person eines Besch\u00e4ftigten als auch extern bestellt werden. Ausschlaggebende Kriterien sollten stets die notwendige berufliche Qualifikation, insbesondere das Fachwissen auf dem Gebiet des Datenschutzrechts und der Datenschutzpraxis sein. Wir sind als externe Datenschutzbeauftragte zertifizierte Fachkr\u00e4fte und Sie k\u00f6nnen eine hohe fachliche Kompetenz voraussetzen.<\/p>\n<\/div>\n<p>[\/vc_column_text][\/vc_tta_section][vc_tta_section title=\u201cWie l\u00e4uft eine datenschutzrechtliche Beratung ab?\u201c tab_id=\u201cfaq-beratung\u201c][vc_column_text]<\/p>\n<div id=\"comp-kkqxp0uj3\" class=\"_2bafp\" data-testid=\"richTextElement\">\n<p>Wir lernen Sie und Ihr Unternehmen w\u00e4hrend unserer Bestandsaufnahme bei Ihnen vor Ort kennen und ermitteln und dokumentieren den SOLL-Zustand. Wir erfassen die technischen und organisatorischen Ma\u00dfnahmen, unterst\u00fctzen Sie bei der Identifizierung von Auftragsverarbeitern und erstellen mit Ihrer Unterst\u00fctzung das Verzeichnis der Verarbeitungst\u00e4tigkeiten. Im Anschluss an die Bestandsaufnahme erstellen wir Ihre individuelle Datenschutzdokumentation. Hierzu z\u00e4hlt insbesondere die Erstellung des Datenschutzkonzepts und die Erstellung eines Formularwesens mit Vorlagen und Formulierungsvorschl\u00e4gen f\u00fcr Ihren Arbeitsalltag. Sollten wir Abweichungen zwischen dem Datenschutzkonzept und Ihrer betrieblichen Praxis festgestellt haben, finden Sie diese in unserer M\u00e4ngelliste wieder. Bei der Umsetzung der von uns vorgeschlagenen Ma\u00dfnahmen stehen wir Ihnen beratend zur Seite. Wir schulen Ihre Mitarbeiter j\u00e4hrlich zum Thema Datenschutz und Datensicherheit. Au\u00dferdem haben Sie jederzeit einen pers\u00f6nlichen Ansprechpartner, der Ihnen f\u00fcr die allt\u00e4glichen Fragen zum Thema Datenschutz zur Verf\u00fcgung steht. Abschlie\u00dfend besuchen wir Sie einmal j\u00e4hrlich vor Ort und f\u00fchren ein Datenschutz-Audit durch. Dabei \u00fcberpr\u00fcfen wir die Aktualit\u00e4t Ihrer Datenschutzdokumente und \u00fcberwachen die Umsetzung der von uns vorgeschlagenen Ma\u00dfnahmen.<\/p>\n<\/div>\n<p>[\/vc_column_text][\/vc_tta_section][vc_tta_section title=\u201cWieso finde ich keine Preise auf Ihrer Website?\u201c tab_id=\u201cfaq-preise\u201c][vc_column_text]F\u00fcr die Ermittlung der Kosten f\u00fcr die Bestellung eines externen Datenschutzbeauftragten hat sich ein sorgf\u00e4ltiges individuelles Vorgehen bew\u00e4hrt, um speziell auf Ihre Gegebenheiten eingehen zu k\u00f6nnen. Wir bieten keine Standards, sondern beziehen die ganz pers\u00f6nlichen Prozesse und Strukturen Ihres Unternehmens im Umgang mit personenbezogenen Daten mit ein. Bei der Kostenermittlung kommt uns ein gro\u00dfer Erfahrungsschatz zu Gute, damit wir Ihnen ein treffsicheres Angebot zuschneiden k\u00f6nnen, das Ihren W\u00fcnschen entspricht.<\/p>\n<p>Folgende Faktoren beeinflussen den Preis:<\/p>\n<ul>\n<li>Anzahl der Standorte<\/li>\n<li>Gibt es einen Betriebsrat?<\/li>\n<li>Mitarbeiterzahl<\/li>\n<li>Art und Menge der Daten<\/li>\n<li>Internationaler Datentransfer<\/li>\n<\/ul>\n<p>[\/vc_column_text][\/vc_tta_section][vc_tta_section title=\u201cGibt es eine finanzielle F\u00f6rderm\u00f6glichkeit?\u201c tab_id=\u201cfaq-foerdermoeglichkeit\u201c][vc_column_text]Sie k\u00f6nnen f\u00fcr Beratungen in den Bereichen Datenschutz und Datensicherheit beim Bundesamt f\u00fcr Wirtschaft und Ausfuhrkontrolle (BAFA) einen Zuschuss beantragen. Gerne beraten wir Sie hierzu.[\/vc_column_text][\/vc_tta_section][\/vc_tta_accordion][\/vc_column][\/vc_row][vc_row full_width=\u201cstretch_row\u201c el_class=\u201cheadline\u201c css=\u201c.vc_custom_1628866391633{background-color: #f8f8f8 !important;}\u201c][vc_column][vc_column_text]<\/p>\n<h2 class=\"p1\">Ein starkes Team<\/h2>\n<p>[\/vc_column_text][\/vc_column][\/vc_row][vc_row full_width=\u201cstretch_row\u201c css=\u201c.vc_custom_1628866399908{background-color: #f8f8f8 !important;}\u201c][vc_column][vc_column_text]<\/p>\n<p class=\"p1\"><span class=\"s1\">Unser<\/span> <span class=\"s1\">Team<\/span> <span class=\"s1\">besteht<\/span> <span class=\"s1\">aus<\/span> <span class=\"s1\">zertifizierten<\/span> <span class=\"s1\">Spezialisten<\/span> <span class=\"s1\">mit<\/span> <span class=\"s1\">jahrelanger<\/span> <span class=\"s1\">Erfahrung<\/span> <span class=\"s1\">im<\/span> <span class=\"s1\">Bereich<\/span> <span class=\"s1\">des<\/span> <span class=\"s1\">Datenschutzes<\/span><span class=\"s2\">. <\/span><span class=\"s1\">Aufgrund<\/span> <span class=\"s1\">unserer<\/span> <span class=\"s1\">T\u00e4tigkeiten<\/span> <span class=\"s1\">in<\/span> <span class=\"s1\">den<\/span> <span class=\"s1\">Bereichen<\/span> <span class=\"s1\">Wirtschaftspr\u00fcfung,<\/span> <span class=\"s1\">Steuerberatung<\/span> <span class=\"s1\">und<\/span> <span class=\"s1\">Digitalisierung<\/span> <span class=\"s1\">kennen<\/span> <span class=\"s1\">wir<\/span> <span class=\"s1\">uns<\/span> <span class=\"s1\">mit<\/span> <span class=\"s1\">Unternehmensprozessen<\/span> <span class=\"s1\">aus<\/span><span class=\"s2\">. <\/span><span class=\"s1\">Der<\/span> <span class=\"s1\">pers\u00f6nliche<\/span> <span class=\"s1\">Kontakt<\/span> <span class=\"s1\">zu<\/span> <span class=\"s1\">unseren<\/span> <span class=\"s1\">Kunden<\/span> <span class=\"s1\">ist<\/span> <span class=\"s1\">uns<\/span> <span class=\"s1\">au\u00dferordentlich<\/span> <span class=\"s1\">wichtig<\/span> <span class=\"s1\">und<\/span> <span class=\"s1\">daher<\/span> <span class=\"s1\">steht<\/span> <span class=\"s1\">Ihnen<\/span> <span class=\"s1\">jederzeit<\/span> <span class=\"s1\">ein<\/span> <span class=\"s1\">pers\u00f6nlicher<\/span> <span class=\"s1\">Ansprechpartner<\/span> <span class=\"s1\">zur<\/span> <span class=\"s1\">Verf\u00fcgung<\/span><span class=\"s2\">.<\/span><\/p>\n<p>[\/vc_column_text][\/vc_column][\/vc_row][vc_row full_width=\u201cstretch_row\u201c css=\u201c.vc_custom_1628866412102{background-color: #f8f8f8 !important;}\u201c][vc_column width=\u201c1\/3\u2033][vc_single_image image=\u201c190\u2033 img_size=\u201cmedium\u201c alignment=\u201ccenter\u201c][\/vc_column][vc_column width=\u201c1\/3\u2033][vc_single_image image=\u201c192\u2033 img_size=\u201cmedium\u201c alignment=\u201ccenter\u201c][\/vc_column][vc_column width=\u201c1\/3\u2033][vc_single_image image=\u201c197\u2033 img_size=\u201cmedium\u201c alignment=\u201ccenter\u201c][\/vc_column][\/vc_row][vc_row el_class=\u201cheadline\u201c][vc_column][vc_column_text]<\/p>\n<h2 class=\"p1\">Referenzen und Branchen<\/h2>\n<p>[\/vc_column_text][\/vc_column][\/vc_row][vc_row][vc_column]<div id=\"ult-carousel-346408131869f50207d3ae8\" class=\"ult-carousel-wrapper   ult_full_width\" data-gutter=\"15\" data-rtl=\"false\" ><div class=\"ult-carousel-36483134569f50207d3a9b \" >[vc_single_image image=\u201c162\u2033 img_size=\u201cfull\u201c add_caption=\u201cyes\u201c][vc_single_image image=\u201c174\u2033 img_size=\u201cfull\u201c add_caption=\u201cyes\u201c][vc_single_image image=\u201c172\u2033 img_size=\u201cfull\u201c add_caption=\u201cyes\u201c][vc_single_image image=\u201c298\u2033 img_size=\u201cfull\u201c add_caption=\u201cyes\u201c][vc_single_image image=\u201c173\u2033 img_size=\u201cfull\u201c add_caption=\u201cyes\u201c][vc_single_image image=\u201c168\u2033 img_size=\u201cfull\u201c add_caption=\u201cyes\u201c][vc_single_image image=\u201c178\u2033 img_size=\u201cfull\u201c add_caption=\u201cyes\u201c][vc_single_image image=\u201c167\u2033 img_size=\u201cfull\u201c add_caption=\u201cyes\u201c][vc_single_image image=\u201c179\u2033 img_size=\u201cfull\u201c add_caption=\u201cyes\u201c][vc_single_image image=\u201c170\u2033 img_size=\u201cfull\u201c add_caption=\u201cyes\u201c][vc_single_image image=\u201c177\u2033 img_size=\u201cfull\u201c add_caption=\u201cyes\u201c][vc_single_image image=\u201c171\u2033 img_size=\u201cfull\u201c add_caption=\u201cyes\u201c][vc_single_image image=\u201c166\u2033 img_size=\u201cfull\u201c add_caption=\u201cyes\u201c][vc_single_image image=\u201c169\u2033 img_size=\u201cfull\u201c add_caption=\u201cyes\u201c][vc_single_image image=\u201c175\u2033 img_size=\u201cfull\u201c add_caption=\u201cyes\u201c][vc_single_image image=\u201c275\u2033 img_size=\u201cfull\u201c add_caption=\u201cyes\u201c][vc_single_image image=\u201c276\u2033 img_size=\u201cfull\u201c add_caption=\u201cyes\u201c][vc_single_image image=\u201c277\u2033 img_size=\u201cfull\u201c add_caption=\u201cyes\u201c][vc_single_image image=\u201c278\u2033 img_size=\u201cfull\u201c add_caption=\u201cyes\u201c][vc_single_image image=\u201c293\u2033 img_size=\u201cfull\u201c add_caption=\u201cyes\u201c][vc_single_image image=\u201c299\u2033 img_size=\u201cfull\u201c add_caption=\u201cyes\u201c][vc_single_image image=\u201c300\u2033 img_size=\u201cfull\u201c add_caption=\u201cyes\u201c]<\/div><\/div>\t\t\t<script type=\"text\/javascript\">\r\n\t\t\t\tjQuery(document).ready(function ($) {\r\n\t\t\t\t\tif( typeof jQuery('.ult-carousel-36483134569f50207d3a9b').slick == \"function\"){\r\n\t\t\t\t\t\t$('.ult-carousel-36483134569f50207d3a9b').slick({dots: false,autoplay: true,autoplaySpeed: 4000,speed: 800,infinite: true,arrows: false,slidesToScroll:5,slidesToShow:5,swipe: true,draggable: true,touchMove: true,pauseOnHover: true,pauseOnFocus: false,responsive: [\r\n\t\t\t\t\t\t\t{\r\n\t\t\t\t\t\t\t  breakpoint: 1026,\r\n\t\t\t\t\t\t\t  settings: {\r\n\t\t\t\t\t\t\t\tslidesToShow: 5,\r\n\t\t\t\t\t\t\t\tslidesToScroll: 5,  \r\n\t\t\t\t\t\t\t  }\r\n\t\t\t\t\t\t\t},\r\n\t\t\t\t\t\t\t{\r\n\t\t\t\t\t\t\t  breakpoint: 1025,\r\n\t\t\t\t\t\t\t  settings: {\r\n\t\t\t\t\t\t\t\tslidesToShow: 3,\r\n\t\t\t\t\t\t\t\tslidesToScroll: 3\r\n\t\t\t\t\t\t\t  }\r\n\t\t\t\t\t\t\t},\r\n\t\t\t\t\t\t\t{\r\n\t\t\t\t\t\t\t  breakpoint: 760,\r\n\t\t\t\t\t\t\t  settings: {\r\n\t\t\t\t\t\t\t\tslidesToShow: 2,\r\n\t\t\t\t\t\t\t\tslidesToScroll: 2\r\n\t\t\t\t\t\t\t  }\r\n\t\t\t\t\t\t\t}\r\n\t\t\t\t\t\t],pauseOnDotsHover: true,customPaging: function(slider, i) {\r\n                   return '<i type=\"button\" style= \"color:#333333;\" class=\"ultsl-record\" data-role=\"none\"><\/i>';\r\n                },});\r\n\t\t\t\t\t}\r\n\t\t\t\t});\r\n\t\t\t<\/script>\r\n\t\t\t[\/vc_column][\/vc_row][vc_row disable_element=\u201cyes\u201c css=\u201c.vc_custom_1633937272920{margin-bottom: 50px !important;}\u201c][vc_column width=\u201c1\/4\u2033]<div class='dt-sc-icon-box type7 aligncenter icon100'><div class=\"icon-wrapper\"><span class='fas fa-industry'> <\/span><\/div><div class=\"icon-content\"><h4>Industrie<\/h4><p><\/p><\/div><\/div><div class='dt-sc-icon-box type7 aligncenter icon100'><div class=\"icon-wrapper\"><span class='fas fa-car'> <\/span><\/div><div class=\"icon-content\"><h4>Automobilindustrie<\/h4><p><\/p><\/div><\/div>[\/vc_column][vc_column width=\u201c1\/4\u2033]<div class='dt-sc-icon-box type7 aligncenter icon100'><div class=\"icon-wrapper\"><span class='fas fa-hammer'> <\/span><\/div><div class=\"icon-content\"><h4>Handwerk<\/h4><p><\/p><\/div><\/div><div class='dt-sc-icon-box type7 aligncenter icon100'><div class=\"icon-wrapper\"><span class='fas fa-graduation-cap'> <\/span><\/div><div class=\"icon-content\"><h4>Schulen<\/h4><p><\/p><\/div><\/div>[\/vc_column][vc_column width=\u201c1\/4\u2033]<div class='dt-sc-icon-box type7 aligncenter icon100'><div class=\"icon-wrapper\"><span class='fas fa-city'> <\/span><\/div><div class=\"icon-content\"><h4>Architektur<\/h4><p><\/p><\/div><\/div><div class='dt-sc-icon-box type7 aligncenter icon100'><div class=\"icon-wrapper\"><span class='fas fa-swimmer'> <\/span><\/div><div class=\"icon-content\"><h4>Schwimmb\u00e4der<\/h4><p><\/p><\/div><\/div>[\/vc_column][vc_column width=\u201c1\/4\u2033]<div class='dt-sc-icon-box type7 aligncenter icon100'><div class=\"icon-wrapper\"><span class='fas fa-heartbeat'> <\/span><\/div><div class=\"icon-content\"><h4>Gesundheit<\/h4><p><\/p><\/div><\/div><div class='dt-sc-icon-box type7 aligncenter icon100'><div class=\"icon-wrapper\"><span class='fas fa-hand-holding-heart'> <\/span><\/div><div class=\"icon-content\"><h4>Stiftungen<\/h4><p><\/p><\/div><\/div>[\/vc_column][\/vc_row][vc_row full_width=\u201cstretch_row\u201c css=\u201c.vc_custom_1635161719138{background-color: #f8f8f8 !important;}\u201c el_id=\u201ckontakt\u201c][vc_column][vc_column_text el_class=\u201cheadline\u201c]<\/p>\n<h2 style=\"text-align: center;\">Wir melden uns bei Ihnen<\/h2>\n<p>[\/vc_column_text][vc_row_inner][vc_column_inner width=\u201c1\/2\u2033][vc_column_text]<\/p>\n<h3>Datenschutz in Witten und Umgebung<\/h3>\n<p>ReiserSchmidt ist in Witten ans\u00e4ssig, aber f\u00fcr Sie auch in vielen anderen St\u00e4dten t\u00e4tig. In Nordrhein-Westfalen ist das Thema Datenschutz aufgrund der Bev\u00f6lkerungszahl und der Industriedichte im Ruhrgebiet besonders gefragt. Hier sind viele Unternehmen, Beh\u00f6rden und Vereine ans\u00e4ssig, f\u00fcr die ein moderner Datenschutz von Bedeutung sind. Ganz gleich, ob es ein Kleinbetrieb, mittelgro\u00dfes Unternehmen oder ein weltweit agierender Gro\u00dfkonzern ist.<\/p>\n<p><strong>ReiserSchmidt als passender Ansprechpartner<\/strong><\/p>\n<p>Wir personalisieren und professionalisieren ihr Datenschutzmanagement, genau so wie es zu Ihrem Unternehmen passt. Sei es als Berater in Sachen Datenschutz \/ DSGVO oder als externer Datenschutzbeauftragter f\u00fcr Ihr Unternehmen.<\/p>\n<p><strong>Alle St\u00e4dte auf einen Blick<\/strong><\/p>\n<p>Wir sind derzeit in folgenden St\u00e4dten als Berater und externer Datenschutzbeauftragter t\u00e4tig:<\/p>\n<ul>\n<li>Bochum<\/li>\n<li>Dortmund<\/li>\n<li>Duisburg<\/li>\n<li>Gelsenkirchen<\/li>\n<li>Hagen<\/li>\n<li>Herne<\/li>\n<li>Iserlohn<\/li>\n<li>Oberhausen<\/li>\n<li>Siegen<\/li>\n<li>Witten<\/li>\n<\/ul>\n<p>Ist Ihre Stadt nicht aufgelistet? Dies ist kein Problem. Schreiben Sie uns einfach an, wir helfen Ihnen gerne weiter.[\/vc_column_text][\/vc_column_inner][vc_column_inner width=\u201c1\/2\u2033][vc_column_text]<\/p>\n<h3>Kontaktformular<\/h3>\n<p>[\/vc_column_text]\n<div class=\"wpcf7 no-js\" id=\"wpcf7-f4-o1\" lang=\"de-DE\" dir=\"ltr\" data-wpcf7-id=\"4\">\n<div class=\"screen-reader-response\"><p role=\"status\" aria-live=\"polite\" aria-atomic=\"true\"><\/p> <ul><\/ul><\/div>\n<form action=\"\/externer-datenschutzbeauftragter-witten\/wp-json\/wp\/v2\/pages\/2#wpcf7-f4-o1\" method=\"post\" class=\"wpcf7-form init\" aria-label=\"Kontaktformular\" novalidate=\"novalidate\" data-status=\"init\">\n<fieldset class=\"hidden-fields-container\"><input type=\"hidden\" name=\"_wpcf7\" value=\"4\" \/><input type=\"hidden\" name=\"_wpcf7_version\" value=\"6.1.5\" \/><input type=\"hidden\" name=\"_wpcf7_locale\" value=\"de_DE\" \/><input type=\"hidden\" name=\"_wpcf7_unit_tag\" value=\"wpcf7-f4-o1\" \/><input type=\"hidden\" name=\"_wpcf7_container_post\" value=\"0\" \/><input type=\"hidden\" name=\"_wpcf7_posted_data_hash\" value=\"\" \/>\n<\/fieldset>\n<p>Felder mit einem Sternchen (*) sind Pflichfelder\n<\/p>\n<p><label>Wie m\u00f6chten Sie von uns kontaktiert werden?<\/label><br \/>\n<span class=\"wpcf7-form-control-wrap\" data-name=\"kontaktoption\"><span class=\"wpcf7-form-control wpcf7-radio\"><span class=\"wpcf7-list-item first\"><label><input type=\"radio\" name=\"kontaktoption\" value=\"E-Mail\" \/><span class=\"wpcf7-list-item-label\">E-Mail<\/span><\/label><\/span><span class=\"wpcf7-list-item last\"><label><input type=\"radio\" name=\"kontaktoption\" value=\"Telefon\" checked=\"checked\" \/><span class=\"wpcf7-list-item-label\">Telefon<\/span><\/label><\/span><\/span><\/span>\n<\/p>\n<p><label>An welchem Datum erreichen wir Sie am besten?<br \/>\n<span class=\"wpcf7-form-control-wrap\" data-name=\"datum\"><input class=\"wpcf7-form-control wpcf7-date wpcf7-validates-as-date\" aria-invalid=\"false\" value=\"\" type=\"date\" name=\"datum\" \/><\/span> <\/label>\n<\/p>\n<p><label>Zu welcher Uhrzeit erreichen wir Sie am besten?<br \/>\n<span class=\"wpcf7-form-control-wrap\" data-name=\"uhrzeit\"><input size=\"40\" maxlength=\"400\" class=\"wpcf7-form-control wpcf7-text\" aria-invalid=\"false\" value=\"\" type=\"text\" name=\"uhrzeit\" \/><\/span> <\/label>\n<\/p>\n<p><label>Name*<br \/>\n<span class=\"wpcf7-form-control-wrap\" data-name=\"your-name\"><input size=\"40\" maxlength=\"400\" class=\"wpcf7-form-control wpcf7-text wpcf7-validates-as-required\" aria-required=\"true\" aria-invalid=\"false\" value=\"\" type=\"text\" name=\"your-name\" \/><\/span> <\/label>\n<\/p>\n<p><label> E-Mail-Adresse*<br \/>\n<span class=\"wpcf7-form-control-wrap\" data-name=\"your-email\"><input size=\"40\" maxlength=\"400\" class=\"wpcf7-form-control wpcf7-email wpcf7-validates-as-required wpcf7-text wpcf7-validates-as-email\" aria-required=\"true\" aria-invalid=\"false\" value=\"\" type=\"email\" name=\"your-email\" \/><\/span> <\/label>\n<\/p>\n<p><label> Telefonnummer<br \/>\n<span class=\"wpcf7-form-control-wrap\" data-name=\"tel\"><input size=\"40\" maxlength=\"400\" class=\"wpcf7-form-control wpcf7-text\" aria-invalid=\"false\" value=\"\" type=\"text\" name=\"tel\" \/><\/span> <\/label>\n<\/p>\n<p><span id=\"wpcf7-69f50207d4b22-wrapper\" class=\"wpcf7-form-control-wrap name-hp-wrap\" style=\"display:none !important; visibility:hidden !important;\"><input type=\"hidden\" name=\"name-hp-time-start\" value=\"1777664519\"><input type=\"hidden\" name=\"name-hp-time-check\" value=\"4\"><input id=\"wpcf7-69f50207d4b22-field\"  class=\"wpcf7-form-control wpcf7-text\" type=\"text\" name=\"name-hp\" value=\"\" size=\"40\" tabindex=\"-1\" autocomplete=\"new-password\" \/><\/span>\n<\/p>\n<p><span class=\"wpcf7-form-control-wrap\" data-name=\"datenschutz\"><span class=\"wpcf7-form-control wpcf7-acceptance\"><span class=\"wpcf7-list-item\"><label><input type=\"checkbox\" name=\"datenschutz\" value=\"1\" aria-invalid=\"false\" \/><span class=\"wpcf7-list-item-label\">Ich willige hiermit ein, dass meine Daten zwecks Kontaktaufnahme \u00fcbertragen und gespeichert werden. Weitere Informationen finden Sie in unserer <a href=\"\/datenschutzerklaerung\/\">Datenschutzerkl\u00e4rung<\/a>.<\/span><\/label><\/span><\/span><\/span>\n<\/p>\n<p><input class=\"wpcf7-form-control wpcf7-submit has-spinner\" type=\"submit\" value=\"Kontakt aufnehmen\" \/>\n<\/p><div class=\"wpcf7-response-output\" aria-hidden=\"true\"><\/div>\n<\/form>\n<\/div>\n[\/vc_column_inner][\/vc_row_inner][vc_empty_space][\/vc_column][\/vc_row][vc_row][vc_column][vc_raw_html]JTNDZGl2JTIwY2xhc3MlM0QlMjJ0ZXh0LXdpdGgtaWNvbiUyMGthcnJpZXJlJTIwc3RpY2t5JTIyJTNFJTNDc3BhbiUyMGNsYXNzJTNEJTIyZmElMjBmYS1ncmFkdWF0aW9uLWNhcCUyMiUzRSUyMCUzQyUyRnNwYW4lM0UlM0NhJTIwaHJlZiUzRCUyMmh0dHBzJTNBJTJGJTJGd3d3LmthcnJpZXJlLXJlaXNlcnNjaG1pZHQuZGUlMkZzdGFydCUyRiUyMiUzRUpvYnMlMjAlMjYlMjBLYXJyaWVyZSUzQyUyRmElM0UlM0MlMkZkaXYlM0U=[\/vc_raw_html][\/vc_column][\/vc_row]<\/p>\n<\/div>","protected":false},"excerpt":{"rendered":"<p>[vc_row css=\u201c.vc_custom_1730970789949{background-position: center !important;background-repeat: no-repeat !important;background-size: cover !important;}\u201c][vc_column][\/vc_column][\/vc_row][vc_row css=\u201c.vc_custom_1628839524264{padding-top: 50px !important;}\u201c][vc_column][vc_column_text el_class=\u201cdatenschutz-head\u201c] Ihr externer Datenschutzbeauftragter in Witten und Umgebung \u2013 ReiserSchmidt Wir sind zudem in folgenden St\u00e4dten als Berater zum Thema Datenschutz \/ DSGVO und externer Datenschutzbeauftragter t\u00e4tig: Bochum, Dortmund, Duisburg, Gelsenkirchen, Hagen, Herne, Iserlohn, Oberhausen und Siegen. Schreiben Sie uns einfach an, wir helfen [&hellip;]<\/p>\n","protected":false},"author":1,"featured_media":0,"parent":0,"menu_order":0,"comment_status":"closed","ping_status":"open","template":"","meta":{"footnotes":""},"class_list":["post-2","page","type-page","status-publish","hentry"],"yoast_head":"<!-- This site is optimized with the Yoast SEO plugin v27.5 - https:\/\/yoast.com\/product\/yoast-seo-wordpress\/ -->\n<title>Externer Datenschutzbeauftragter Witten, Datenschutz \/ DSGVO<\/title>\n<meta name=\"description\" content=\"\u2714 Sch\u00fctzen Sie Ihr Unternehmen und Ihre Daten. \u2714 Nutzen Sie unsere DEKRA-zertifizierte Kompetenz als externer Datenschutzbeauftragter.\" \/>\n<meta name=\"robots\" content=\"index, follow, max-snippet:-1, max-image-preview:large, max-video-preview:-1\" \/>\n<link rel=\"canonical\" href=\"https:\/\/reiserschmidt.de\/externer-datenschutzbeauftragter-witten\/\" \/>\n<meta property=\"og:locale\" content=\"de_DE\" \/>\n<meta property=\"og:type\" content=\"article\" \/>\n<meta property=\"og:title\" content=\"Externer Datenschutzbeauftragter Witten, Datenschutz \/ DSGVO\" \/>\n<meta property=\"og:description\" content=\"\u2714 Sch\u00fctzen Sie Ihr Unternehmen und Ihre Daten. \u2714 Nutzen Sie unsere DEKRA-zertifizierte Kompetenz als externer Datenschutzbeauftragter.\" \/>\n<meta property=\"og:url\" content=\"https:\/\/reiserschmidt.de\/externer-datenschutzbeauftragter-witten\/\" \/>\n<meta property=\"og:site_name\" content=\"ReiserSchmidt | Externer Datenschutzbeauftragter\" \/>\n<meta property=\"article:modified_time\" content=\"2025-07-21T13:17:49+00:00\" \/>\n<meta property=\"og:image\" content=\"https:\/\/reiserschmidt.de\/externer-datenschutzbeauftragter-witten\/wp-content\/uploads\/sites\/2\/2021\/05\/Logo-Reiserschmidt-2021-Datenschutz.webp\" \/>\n\t<meta property=\"og:image:width\" content=\"879\" \/>\n\t<meta property=\"og:image:height\" content=\"225\" \/>\n\t<meta property=\"og:image:type\" content=\"image\/png\" \/>\n<meta name=\"twitter:card\" content=\"summary_large_image\" \/>\n<meta name=\"twitter:label1\" content=\"Gesch\u00e4tzte Lesezeit\" \/>\n\t<meta name=\"twitter:data1\" content=\"19\u00a0Minuten\" \/>\n<script type=\"application\/ld+json\" class=\"yoast-schema-graph\">{\"@context\":\"https:\\\/\\\/schema.org\",\"@graph\":[{\"@type\":\"WebPage\",\"@id\":\"https:\\\/\\\/reiserschmidt.de\\\/externer-datenschutzbeauftragter-witten\\\/\",\"url\":\"https:\\\/\\\/reiserschmidt.de\\\/externer-datenschutzbeauftragter-witten\\\/\",\"name\":\"Externer Datenschutzbeauftragter Witten, Datenschutz \\\/ DSGVO\",\"isPartOf\":{\"@id\":\"https:\\\/\\\/reiserschmidt.de\\\/externer-datenschutzbeauftragter-witten\\\/#website\"},\"datePublished\":\"2021-04-26T08:40:28+00:00\",\"dateModified\":\"2025-07-21T13:17:49+00:00\",\"description\":\"\u2714 Sch\u00fctzen Sie Ihr Unternehmen und Ihre Daten. \u2714 Nutzen Sie unsere DEKRA-zertifizierte Kompetenz als externer Datenschutzbeauftragter.\",\"breadcrumb\":{\"@id\":\"https:\\\/\\\/reiserschmidt.de\\\/externer-datenschutzbeauftragter-witten\\\/#breadcrumb\"},\"inLanguage\":\"de\",\"potentialAction\":[{\"@type\":\"ReadAction\",\"target\":[\"https:\\\/\\\/reiserschmidt.de\\\/externer-datenschutzbeauftragter-witten\\\/\"]}]},{\"@type\":\"BreadcrumbList\",\"@id\":\"https:\\\/\\\/reiserschmidt.de\\\/externer-datenschutzbeauftragter-witten\\\/#breadcrumb\",\"itemListElement\":[{\"@type\":\"ListItem\",\"position\":1,\"name\":\"Startseite\",\"item\":\"https:\\\/\\\/reiserschmidt.de\\\/externer-datenschutzbeauftragter-witten\\\/\"},{\"@type\":\"ListItem\",\"position\":2,\"name\":\"Startseite\"}]},{\"@type\":\"WebSite\",\"@id\":\"https:\\\/\\\/reiserschmidt.de\\\/externer-datenschutzbeauftragter-witten\\\/#website\",\"url\":\"https:\\\/\\\/reiserschmidt.de\\\/externer-datenschutzbeauftragter-witten\\\/\",\"name\":\"ReiserSchmidt | Externer Datenschutzbeauftragter\",\"description\":\"\",\"publisher\":{\"@id\":\"https:\\\/\\\/reiserschmidt.de\\\/externer-datenschutzbeauftragter-witten\\\/#organization\"},\"potentialAction\":[{\"@type\":\"SearchAction\",\"target\":{\"@type\":\"EntryPoint\",\"urlTemplate\":\"https:\\\/\\\/reiserschmidt.de\\\/externer-datenschutzbeauftragter-witten\\\/?s={search_term_string}\"},\"query-input\":{\"@type\":\"PropertyValueSpecification\",\"valueRequired\":true,\"valueName\":\"search_term_string\"}}],\"inLanguage\":\"de\"},{\"@type\":\"Organization\",\"@id\":\"https:\\\/\\\/reiserschmidt.de\\\/externer-datenschutzbeauftragter-witten\\\/#organization\",\"name\":\"ReiserSchmidt Westfalen-Treuhand GmbH\",\"url\":\"https:\\\/\\\/reiserschmidt.de\\\/externer-datenschutzbeauftragter-witten\\\/\",\"logo\":{\"@type\":\"ImageObject\",\"inLanguage\":\"de\",\"@id\":\"https:\\\/\\\/reiserschmidt.de\\\/externer-datenschutzbeauftragter-witten\\\/#\\\/schema\\\/logo\\\/image\\\/\",\"url\":\"https:\\\/\\\/reiserschmidt.de\\\/externer-datenschutzbeauftragter-witten\\\/wp-content\\\/uploads\\\/sites\\\/2\\\/2021\\\/05\\\/Logo-Reiserschmidt-2021-Datenschutz.webp\",\"contentUrl\":\"https:\\\/\\\/reiserschmidt.de\\\/externer-datenschutzbeauftragter-witten\\\/wp-content\\\/uploads\\\/sites\\\/2\\\/2021\\\/05\\\/Logo-Reiserschmidt-2021-Datenschutz.webp\",\"width\":879,\"height\":225,\"caption\":\"ReiserSchmidt Westfalen-Treuhand GmbH\"},\"image\":{\"@id\":\"https:\\\/\\\/reiserschmidt.de\\\/externer-datenschutzbeauftragter-witten\\\/#\\\/schema\\\/logo\\\/image\\\/\"},\"sameAs\":[\"https:\\\/\\\/www.instagram.com\\\/reiserschmidtwitten\\\/\"]}]}<\/script>\n<!-- \/ Yoast SEO plugin. -->","yoast_head_json":{"title":"Externer Datenschutzbeauftragter Witten, Datenschutz \/ DSGVO","description":"\u2714 Sch\u00fctzen Sie Ihr Unternehmen und Ihre Daten. \u2714 Nutzen Sie unsere DEKRA-zertifizierte Kompetenz als externer Datenschutzbeauftragter.","robots":{"index":"index","follow":"follow","max-snippet":"max-snippet:-1","max-image-preview":"max-image-preview:large","max-video-preview":"max-video-preview:-1"},"canonical":"https:\/\/reiserschmidt.de\/externer-datenschutzbeauftragter-witten\/","og_locale":"de_DE","og_type":"article","og_title":"Externer Datenschutzbeauftragter Witten, Datenschutz \/ DSGVO","og_description":"\u2714 Sch\u00fctzen Sie Ihr Unternehmen und Ihre Daten. \u2714 Nutzen Sie unsere DEKRA-zertifizierte Kompetenz als externer Datenschutzbeauftragter.","og_url":"https:\/\/reiserschmidt.de\/externer-datenschutzbeauftragter-witten\/","og_site_name":"ReiserSchmidt | Externer Datenschutzbeauftragter","article_modified_time":"2025-07-21T13:17:49+00:00","og_image":[{"width":879,"height":225,"url":"https:\/\/reiserschmidt.de\/externer-datenschutzbeauftragter-witten\/wp-content\/uploads\/sites\/2\/2021\/05\/Logo-Reiserschmidt-2021-Datenschutz.webp","type":"image\/png"}],"twitter_card":"summary_large_image","twitter_misc":{"Gesch\u00e4tzte Lesezeit":"19\u00a0Minuten"},"schema":{"@context":"https:\/\/schema.org","@graph":[{"@type":"WebPage","@id":"https:\/\/reiserschmidt.de\/externer-datenschutzbeauftragter-witten\/","url":"https:\/\/reiserschmidt.de\/externer-datenschutzbeauftragter-witten\/","name":"Externer Datenschutzbeauftragter Witten, Datenschutz \/ DSGVO","isPartOf":{"@id":"https:\/\/reiserschmidt.de\/externer-datenschutzbeauftragter-witten\/#website"},"datePublished":"2021-04-26T08:40:28+00:00","dateModified":"2025-07-21T13:17:49+00:00","description":"\u2714 Sch\u00fctzen Sie Ihr Unternehmen und Ihre Daten. \u2714 Nutzen Sie unsere DEKRA-zertifizierte Kompetenz als externer Datenschutzbeauftragter.","breadcrumb":{"@id":"https:\/\/reiserschmidt.de\/externer-datenschutzbeauftragter-witten\/#breadcrumb"},"inLanguage":"de","potentialAction":[{"@type":"ReadAction","target":["https:\/\/reiserschmidt.de\/externer-datenschutzbeauftragter-witten\/"]}]},{"@type":"BreadcrumbList","@id":"https:\/\/reiserschmidt.de\/externer-datenschutzbeauftragter-witten\/#breadcrumb","itemListElement":[{"@type":"ListItem","position":1,"name":"Startseite","item":"https:\/\/reiserschmidt.de\/externer-datenschutzbeauftragter-witten\/"},{"@type":"ListItem","position":2,"name":"Startseite"}]},{"@type":"WebSite","@id":"https:\/\/reiserschmidt.de\/externer-datenschutzbeauftragter-witten\/#website","url":"https:\/\/reiserschmidt.de\/externer-datenschutzbeauftragter-witten\/","name":"ReiserSchmidt | Externer Datenschutzbeauftragter","description":"","publisher":{"@id":"https:\/\/reiserschmidt.de\/externer-datenschutzbeauftragter-witten\/#organization"},"potentialAction":[{"@type":"SearchAction","target":{"@type":"EntryPoint","urlTemplate":"https:\/\/reiserschmidt.de\/externer-datenschutzbeauftragter-witten\/?s={search_term_string}"},"query-input":{"@type":"PropertyValueSpecification","valueRequired":true,"valueName":"search_term_string"}}],"inLanguage":"de"},{"@type":"Organization","@id":"https:\/\/reiserschmidt.de\/externer-datenschutzbeauftragter-witten\/#organization","name":"ReiserSchmidt Westfalen-Treuhand GmbH","url":"https:\/\/reiserschmidt.de\/externer-datenschutzbeauftragter-witten\/","logo":{"@type":"ImageObject","inLanguage":"de","@id":"https:\/\/reiserschmidt.de\/externer-datenschutzbeauftragter-witten\/#\/schema\/logo\/image\/","url":"https:\/\/reiserschmidt.de\/externer-datenschutzbeauftragter-witten\/wp-content\/uploads\/sites\/2\/2021\/05\/Logo-Reiserschmidt-2021-Datenschutz.webp","contentUrl":"https:\/\/reiserschmidt.de\/externer-datenschutzbeauftragter-witten\/wp-content\/uploads\/sites\/2\/2021\/05\/Logo-Reiserschmidt-2021-Datenschutz.webp","width":879,"height":225,"caption":"ReiserSchmidt Westfalen-Treuhand GmbH"},"image":{"@id":"https:\/\/reiserschmidt.de\/externer-datenschutzbeauftragter-witten\/#\/schema\/logo\/image\/"},"sameAs":["https:\/\/www.instagram.com\/reiserschmidtwitten\/"]}]}},"_links":{"self":[{"href":"https:\/\/reiserschmidt.de\/externer-datenschutzbeauftragter-witten\/wp-json\/wp\/v2\/pages\/2","targetHints":{"allow":["GET"]}}],"collection":[{"href":"https:\/\/reiserschmidt.de\/externer-datenschutzbeauftragter-witten\/wp-json\/wp\/v2\/pages"}],"about":[{"href":"https:\/\/reiserschmidt.de\/externer-datenschutzbeauftragter-witten\/wp-json\/wp\/v2\/types\/page"}],"author":[{"embeddable":true,"href":"https:\/\/reiserschmidt.de\/externer-datenschutzbeauftragter-witten\/wp-json\/wp\/v2\/users\/1"}],"replies":[{"embeddable":true,"href":"https:\/\/reiserschmidt.de\/externer-datenschutzbeauftragter-witten\/wp-json\/wp\/v2\/comments?post=2"}],"version-history":[{"count":152,"href":"https:\/\/reiserschmidt.de\/externer-datenschutzbeauftragter-witten\/wp-json\/wp\/v2\/pages\/2\/revisions"}],"predecessor-version":[{"id":391,"href":"https:\/\/reiserschmidt.de\/externer-datenschutzbeauftragter-witten\/wp-json\/wp\/v2\/pages\/2\/revisions\/391"}],"wp:attachment":[{"href":"https:\/\/reiserschmidt.de\/externer-datenschutzbeauftragter-witten\/wp-json\/wp\/v2\/media?parent=2"}],"curies":[{"name":"wp","href":"https:\/\/api.w.org\/{rel}","templated":true}]}}